{"id":2,"date":"2023-10-31T21:04:21","date_gmt":"2023-10-31T21:04:21","guid":{"rendered":"http:\/\/przebudzenie.org\/?page_id=2"},"modified":"2025-01-19T19:55:16","modified_gmt":"2025-01-19T19:55:16","slug":"sample-page","status":"publish","type":"page","link":"https:\/\/www.przebudzenie.org\/","title":{"rendered":"O Nas"},"content":{"rendered":"\n<h2 class=\"wp-block-heading has-text-align-center\"><em><strong>Mitingi DDA\/DDD grupy &#8222;Przebudzenie&#8221; <\/strong><\/em><\/h2>\n\n\n\n<h4 class=\"wp-block-heading has-text-align-center\">UWAGA ! ZMIANA ADRESU !<\/h4>\n\n\n\n<hr class=\"wp-block-separator has-css-opacity is-style-default\"\/>\n\n\n\n<div class=\"wp-block-columns is-layout-flex wp-container-core-columns-is-layout-9d6595d7 wp-block-columns-is-layout-flex\">\n<div class=\"wp-block-column is-vertically-aligned-bottom is-layout-flow wp-block-column-is-layout-flow\" style=\"flex-basis:60%\">\n<h3 class=\"wp-block-heading has-text-align-center\"><em>odbywaj\u0105 si\u0119:&nbsp;<\/em><\/h3>\n\n\n\n<p class=\"has-text-align-center\"><em>w  Tarnowie na ul. Legion\u00f3w 30, <\/em><\/p>\n\n\n\n<p class=\"has-text-align-center\"><em>w czwartki o godzinie 18:00<\/em><\/p>\n\n\n\n<p class=\"has-text-align-center\"><em>(pierwszy czwartek miesi\u0105ca &#8211; miting otwarty)<\/em><\/p>\n\n\n\n<p class=\"has-text-align-center\"><em>Adres email grupy: tarnow@przebudzenie.org<\/em> <\/p>\n\n\n\n<h2 class=\"wp-block-heading has-text-align-center\"><em><em><strong>Zapraszamy !<\/strong><\/em> <\/em><\/h2>\n<\/div>\n\n\n\n<div class=\"wp-block-column is-layout-flow wp-block-column-is-layout-flow\" style=\"flex-basis:50%\">\n<p class=\"has-text-align-center has-small-font-size\"><\/p>\n\n\n\n<iframe src=\"https:\/\/www.google.com\/maps\/embed?pb=!1m18!1m12!1m3!1d2563.6711399165333!2d20.984728976279705!3d50.01751881844164!2m3!1f0!2f0!3f0!3m2!1i1024!2i768!4f13.1!3m3!1m2!1s0x473d8356a22ff3b1%3A0x66f7a48e4546968!2sLegion%C3%B3w%2030%2C%2033-100%20Tarn%C3%B3w!5e0!3m2!1spl!2spl!4v1737311975209!5m2!1spl!2spl\" width=\"400\" height=\"300\" style=\"border:0;\" allowfullscreen=\"\" loading=\"lazy\" referrerpolicy=\"no-referrer-when-downgrade\"><\/iframe>\n<\/div>\n<\/div>\n\n\n\n<hr class=\"wp-block-separator has-alpha-channel-opacity\"\/>\n\n\n<figure class=\"wp-block-image aligncenter size-large is-resized is-style-rounded\"><img fetchpriority=\"high\" decoding=\"async\" width=\"1024\" height=\"616\" class=\"wp-image-54 aligncenter\" style=\"width: 150px; height: 150px;\" src=\"http:\/\/www.przebudzenie.org\/wp-content\/uploads\/2023\/11\/cropped-hands-4153292_1280-1024x616.jpg\" alt=\"\" srcset=\"https:\/\/www.przebudzenie.org\/wp-content\/uploads\/2023\/11\/cropped-hands-4153292_1280-1024x616.jpg 1024w, https:\/\/www.przebudzenie.org\/wp-content\/uploads\/2023\/11\/cropped-hands-4153292_1280-300x181.jpg 300w, https:\/\/www.przebudzenie.org\/wp-content\/uploads\/2023\/11\/cropped-hands-4153292_1280-768x462.jpg 768w, https:\/\/www.przebudzenie.org\/wp-content\/uploads\/2023\/11\/cropped-hands-4153292_1280.jpg 1278w\" sizes=\"(max-width: 1024px) 100vw, 1024px\" \/><\/figure>\n\n\n<blockquote class=\"wp-block-quote has-text-align-center is-style-large is-layout-flow wp-block-quote-is-layout-flow\">\n<p>&#8222;<strong>Modlitwa o pogod\u0119 ducha:<\/strong><br>Bo\u017ce, u\u017cycz mi pogody ducha, <br>abym akceptowa\u0142 tych, kt\u00f3rych nie mog\u0119 zmieni\u0107,<br> odwagi, abym zmienia\u0142 tego, kogo mog\u0119 zmieni\u0107,<br> i m\u0105dro\u015bci, abym zrozumia\u0142, \u017ce tym kim\u015b jestem ja.&#8221;.<\/p>\n<\/blockquote>\n\n\n\n<hr class=\"wp-block-separator has-css-opacity is-style-default\"\/>\n","protected":false},"excerpt":{"rendered":"<p>Mitingi DDA\/DDD grupy &#8222;Przebudzenie&#8221; UWAGA ! ZMIANA ADRESU ! odbywaj\u0105 si\u0119:&nbsp; w Tarnowie na ul. Legion\u00f3w 30, w czwartki o godzinie 18:00 (pierwszy czwartek miesi\u0105ca &#8211; miting otwarty) Adres email grupy: tarnow@przebudzenie.org Zapraszamy ! &#8222;Modlitwa o pogod\u0119 ducha:Bo\u017ce, u\u017cycz mi pogody ducha, abym akceptowa\u0142 tych, kt\u00f3rych nie mog\u0119 zmieni\u0107, odwagi, abym zmienia\u0142 tego, kogo mog\u0119&#8230;<\/p>\n","protected":false},"author":1,"featured_media":0,"parent":0,"menu_order":0,"comment_status":"closed","ping_status":"closed","template":"","meta":{"_kadence_starter_templates_imported_post":false,"_kad_post_transparent":"","_kad_post_title":"default","_kad_post_layout":"default","_kad_post_sidebar_id":"","_kad_post_content_style":"","_kad_post_vertical_padding":"default","_kad_post_feature":"show","_kad_post_feature_position":"behind","_kad_post_header":false,"_kad_post_footer":false,"footnotes":""},"class_list":["post-2","page","type-page","status-publish","hentry"],"_links":{"self":[{"href":"https:\/\/www.przebudzenie.org\/index.php\/wp-json\/wp\/v2\/pages\/2","targetHints":{"allow":["GET"]}}],"collection":[{"href":"https:\/\/www.przebudzenie.org\/index.php\/wp-json\/wp\/v2\/pages"}],"about":[{"href":"https:\/\/www.przebudzenie.org\/index.php\/wp-json\/wp\/v2\/types\/page"}],"author":[{"embeddable":true,"href":"https:\/\/www.przebudzenie.org\/index.php\/wp-json\/wp\/v2\/users\/1"}],"replies":[{"embeddable":true,"href":"https:\/\/www.przebudzenie.org\/index.php\/wp-json\/wp\/v2\/comments?post=2"}],"version-history":[{"count":53,"href":"https:\/\/www.przebudzenie.org\/index.php\/wp-json\/wp\/v2\/pages\/2\/revisions"}],"predecessor-version":[{"id":198,"href":"https:\/\/www.przebudzenie.org\/index.php\/wp-json\/wp\/v2\/pages\/2\/revisions\/198"}],"wp:attachment":[{"href":"https:\/\/www.przebudzenie.org\/index.php\/wp-json\/wp\/v2\/media?parent=2"}],"curies":[{"name":"wp","href":"https:\/\/api.w.org\/{rel}","templated":true}]}}